{"id":2408,"date":"2026-06-11T22:14:37","date_gmt":"2026-06-11T20:14:37","guid":{"rendered":"https:\/\/www.bergamositoweb.it\/sito-test\/?post_type=product&#038;p=2408"},"modified":"2026-06-29T10:32:52","modified_gmt":"2026-06-29T08:32:52","slug":"porte-sezionali-europa","status":"publish","type":"product","link":"https:\/\/www.bergamositoweb.it\/sito-test\/prodotto\/porte-sezionali-europa\/","title":{"rendered":"Porte sezionali Europa"},"content":{"rendered":"<section class=\"l-section wpb_row height_auto width_full\"><div class=\"l-section-h i-cf\"><div class=\"g-cols vc_row via_grid cols_1 laptops-cols_inherit tablets-cols_inherit mobiles-cols_1 valign_top type_default stacking_default\"><div class=\"wpb_column vc_column_container\"><div class=\"vc_column-inner\"><div class=\"wpb_text_column\"><div class=\"wpb_wrapper\"><h5>Il portone del garage diventa parte dell\u2019architettura della casa<\/h5>\n<p>Oggi il portone sezionale non \u00e8 pi\u00f9 solo una chiusura tecnica, ma un vero elemento estetico che contribuisce a definire lo stile dell\u2019abitazione. Per questo Nordest Automazioni propone soluzioni altamente personalizzabili, capaci di integrarsi perfettamente con architetture moderne, classiche o contemporanee.<\/p>\n<\/div><\/div><div class=\"w-separator size_medium\"><\/div><div class=\"w-post-elm post_image stretched\"><a ref=\"magnificPopup\" href=\"https:\/\/www.bergamositoweb.it\/sito-test\/wp-content\/plugins\/us-core\/assets\/images\/placeholder.svg\" aria-label=\"Porte sezionali Europa\"><img loading=\"lazy\" decoding=\"async\" width=\"1200\" height=\"900\" src=\"https:\/\/www.bergamositoweb.it\/sito-test\/wp-content\/uploads\/2026\/06\/porte-sezionali-modello-europa.jpg\" class=\"attachment-full size-full wp-post-image\" alt=\"\" srcset=\"https:\/\/www.bergamositoweb.it\/sito-test\/wp-content\/uploads\/2026\/06\/porte-sezionali-modello-europa.jpg 1200w, https:\/\/www.bergamositoweb.it\/sito-test\/wp-content\/uploads\/2026\/06\/porte-sezionali-modello-europa-300x225.jpg 300w, https:\/\/www.bergamositoweb.it\/sito-test\/wp-content\/uploads\/2026\/06\/porte-sezionali-modello-europa-1024x768.jpg 1024w, https:\/\/www.bergamositoweb.it\/sito-test\/wp-content\/uploads\/2026\/06\/porte-sezionali-modello-europa-600x450.jpg 600w\" sizes=\"auto, (max-width: 1200px) 100vw, 1200px\" \/><\/a><\/div><div class=\"w-separator size_medium\"><\/div><\/div><\/div><\/div><\/div><\/section>\n<section class=\"l-section wpb_row height_auto width_full\"><div class=\"l-section-h i-cf\"><div class=\"g-cols vc_row via_grid cols_1 laptops-cols_inherit tablets-cols_inherit mobiles-cols_1 valign_top type_default stacking_default\"><div class=\"wpb_column vc_column_container\"><div class=\"vc_column-inner\"><div class=\"wpb_text_column\"><div class=\"wpb_wrapper\"><p><strong>La gamma permette di scegliere tra:<\/strong><\/p>\n<ul>\n<li>pannelli con diverse finiture e texture<\/li>\n<li>superfici lisce, goffrate o effetto legno<\/li>\n<li>eleganti pannelli vetrati per aumentare luminosit\u00e0 e design<\/li>\n<li>pannelli a griglia ideali per garage interrati e aerati<\/li>\n<li>rivestimenti in legno Okum\u00e8 per abitazioni di pregio<\/li>\n<\/ul>\n<p>E per i progetti pi\u00f9 esclusivi, i portoni sezionali Aprico modello Europa possono essere realizzati anche con decorazioni e disegni personalizzati proposti dal cliente o dal proprio architetto. Un livello di personalizzazione che trasforma il portone garage in un elemento unico e distintivo.<\/p>\n<h5>I portoni sezionali Aprico: due linee per ogni esigenza<\/h5>\n<p>Nordest Automazioni distribuisce portoni sezionali Aprico, progettati per garantire qualit\u00e0, sicurezza e durata nel tempo. La gamma si articola in due linee principali, pensate per rispondere a esigenze diverse: modello Europa e modello Italia.<\/p>\n<h5>Portoni sezionali garage modello Europa: design, qualit\u00e0 e personalizzazione su misura<\/h5>\n<p><strong>Il top di gamma<\/strong><\/p>\n<p>Il modello Europa rappresenta l\u2019eccellenza nel mercato dei portoni sezionali e sono la soluzione di fascia alta per garage residenziali, con materiali di qualit\u00e0, ampia personalizzazione e finiture esclusive per progetti architettonici di pregio.<\/p>\n<ul>\n<li>materiali di alta qualit\u00e0<\/li>\n<li>ogni portone testato prima della consegna<\/li>\n<li>ampia scelta di colori RAL, finiture legno e colori speciali<\/li>\n<li>centinaia di accessori e inserti decorativi<\/li>\n<li>possibilit\u00e0 di personalizzazione totale<\/li>\n<\/ul>\n<p>Pensato per chi desidera un prodotto distintivo, capace di valorizzare l\u2019abitazione.<\/p>\n<p><strong>Ideale per:<\/strong><\/p>\n<ul>\n<li>abitazioni di pregio<\/li>\n<li>nuove costruzioni in classe A<\/li>\n<li>architetti e progettisti<\/li>\n<li>chi cerca il massimo in termini di estetica e qualit\u00e0<\/li>\n<\/ul>\n<h5>Caratteristiche distintive<\/h5>\n<\/div><\/div><div class=\"w-separator size_small\"><\/div><div class=\"w-tabs style_default switch_click accordion has_scrolling\" style=\"--sections-title-size:clamp(16px, 1vw, 20px)\"><div class=\"w-tabs-sections titles-align_none icon_plus cpos_right\">\n<div class=\"w-tabs-section\" id=\"tc52\"><button class=\"w-tabs-section-header\" aria-controls=\"content-tc52\" aria-expanded=\"false\"><div class=\"w-tabs-section-title\">Massima qualit\u00e0 costruttiva<\/div><div class=\"w-tabs-section-control\"><\/div><\/button><div  class=\"w-tabs-section-content\" id=\"content-tc52\"><div class=\"w-tabs-section-content-h i-cf\">\nMateriali selezionati e produzione curata in ogni dettaglio, con test prima della consegna.<br \/>\n<\/div><\/div><\/div>\n<div class=\"w-tabs-section\" id=\"tc60\"><button class=\"w-tabs-section-header\" aria-controls=\"content-tc60\" aria-expanded=\"false\"><div class=\"w-tabs-section-title\">Personalizzazione senza limiti<\/div><div class=\"w-tabs-section-control\"><\/div><\/button><div  class=\"w-tabs-section-content\" id=\"content-tc60\"><div class=\"w-tabs-section-content-h i-cf\">\nAmpia scelta di colori RAL, finiture effetto legno, pannelli vetrati, colori speciali e centinaia di inserti decorativi ed accessori.<br \/>\n<\/div><\/div><\/div>\n<div class=\"w-tabs-section\" id=\"dc69\"><button class=\"w-tabs-section-header\" aria-controls=\"content-dc69\" aria-expanded=\"false\"><div class=\"w-tabs-section-title\">Valore architettonico<\/div><div class=\"w-tabs-section-control\"><\/div><\/button><div  class=\"w-tabs-section-content\" id=\"content-dc69\"><div class=\"w-tabs-section-content-h i-cf\">\nIdeale per abitazioni di pregio dove anche il garage diventa elemento di design.<br \/>\n<\/div><\/div><\/div>\n<div class=\"w-tabs-section\" id=\"uc72\"><button class=\"w-tabs-section-header\" aria-controls=\"content-uc72\" aria-expanded=\"false\"><div class=\"w-tabs-section-title\">Prodotto distintivo<\/div><div class=\"w-tabs-section-control\"><\/div><\/button><div  class=\"w-tabs-section-content\" id=\"content-uc72\"><div class=\"w-tabs-section-content-h i-cf\">\nPerfetto per chi vuole differenziarsi con una soluzione unica e riconoscibile.<br \/>\n<\/div><\/div><\/div>\n<div class=\"w-tabs-section\" id=\"kc7b\"><button class=\"w-tabs-section-header\" aria-controls=\"content-kc7b\" aria-expanded=\"false\"><div class=\"w-tabs-section-title\">Test di qualit\u00e0 prima della consegna<\/div><div class=\"w-tabs-section-control\"><\/div><\/button><div  class=\"w-tabs-section-content\" id=\"content-kc7b\"><div class=\"w-tabs-section-content-h i-cf\">\nOgni porta viene verificata per garantire funzionamento e affidabilit\u00e0. Consegna in imballi protettivi.<br \/>\n<\/div><\/div><\/div>\n<div class=\"w-tabs-section\" id=\"xc84\"><button class=\"w-tabs-section-header\" aria-controls=\"content-xc84\" aria-expanded=\"false\"><div class=\"w-tabs-section-title\">Ampia gamma di finiture e dettagli decorativi e di design<\/div><div class=\"w-tabs-section-control\"><\/div><\/button><div  class=\"w-tabs-section-content\" id=\"content-xc84\"><div class=\"w-tabs-section-content-h i-cf\">\nInserti, obl\u00f2, texture e combinazioni estetiche per progetti personalizzati. Possibilit\u00e0 di decori su specifico disegno del cliente.<br \/>\n<\/div><\/div><\/div>\n<div class=\"w-tabs-section\" id=\"zc8c\"><button class=\"w-tabs-section-header\" aria-controls=\"content-zc8c\" aria-expanded=\"false\"><div class=\"w-tabs-section-title\">Pannelli coibentati ad alte prestazioni<\/div><div class=\"w-tabs-section-control\"><\/div><\/button><div  class=\"w-tabs-section-content\" id=\"content-zc8c\"><div class=\"w-tabs-section-content-h i-cf\">\nIsolamento termico ed efficienza energetica.<br \/>\n<\/div><\/div><\/div>\n<div class=\"w-tabs-section\" id=\"gc95\"><button class=\"w-tabs-section-header\" aria-controls=\"content-gc95\" aria-expanded=\"false\"><div class=\"w-tabs-section-title\">Progettazione orientata al risultato estetico<\/div><div class=\"w-tabs-section-control\"><\/div><\/button><div  class=\"w-tabs-section-content\" id=\"content-gc95\"><div class=\"w-tabs-section-content-h i-cf\">\nLa porta diventa parte integrante dell\u2019architettura.<br \/>\n<\/div><\/div><\/div>\n<div class=\"w-tabs-section\" id=\"rc9d\"><button class=\"w-tabs-section-header\" aria-controls=\"content-rc9d\" aria-expanded=\"false\"><div class=\"w-tabs-section-title\">Installazione professionale dei tecnici Nordest Automazioni<\/div><div class=\"w-tabs-section-control\"><\/div><\/button><div  class=\"w-tabs-section-content\" id=\"content-rc9d\"><div class=\"w-tabs-section-content-h i-cf\">\nGaranzia di montaggio corretto, duraturo e di assistenza pre e post vendita.<br \/>\n<\/div><\/div><\/div>\n<\/div><\/div><div class=\"w-separator size_small\"><\/div><div class=\"wpb_text_column\"><div class=\"wpb_wrapper\"><h5>A chi \u00e8 dedicato<\/h5>\n<ul>\n<li>architetti e progettisti<\/li>\n<li>abitazioni di pregio<\/li>\n<li>nuove costruzioni di livello alto<\/li>\n<li>clienti che cercano il meglio<\/li>\n<\/ul>\n<p>Il portone per garage <strong>Aprico modello Europa<\/strong> \u00e8 la scelta ideale per chi vuole il massimo in termini di qualit\u00e0, design e personalizzazione.<\/p>\n<h5>Come scegliere il portone sezionale giusto<\/h5>\n<p>La scelta dipende da:<\/p>\n<ul>\n<li>livello di personalizzazione desiderato<\/li>\n<li>budget disponibile<\/li>\n<li>stile dell\u2019abitazione<\/li>\n<li>esigenze di isolamento e comfort<\/li>\n<\/ul>\n<p><strong>Europa o Italia? Due soluzioni diverse, un unico obiettivo: soddisfare ogni esigenza.<\/strong><\/p>\n<h5>Meglio il sezionale Aprico modello Europa o il modello Italia?<\/h5>\n<p>Scegliere tra un sezionale Aprico modello Europa ed un modello Italia non significa individuare un prodotto migliore in assoluto, ma capire quale soluzione \u00e8 pi\u00f9 adatta al proprio progetto.<\/p>\n<\/div><\/div><div class=\"w-separator size_small\"><\/div><div class=\"w-tabs style_default switch_click accordion has_scrolling\" style=\"--sections-title-size:clamp(16px, 1vw, 20px)\"><div class=\"w-tabs-sections titles-align_none icon_plus cpos_right\">\n<div class=\"w-tabs-section\" id=\"v234\"><button class=\"w-tabs-section-header\" aria-controls=\"content-v234\" aria-expanded=\"false\"><div class=\"w-tabs-section-title\">Modello Europa<\/div><div class=\"w-tabs-section-control\"><\/div><\/button><div  class=\"w-tabs-section-content\" id=\"content-v234\"><div class=\"w-tabs-section-content-h i-cf\">\nIl modello Europa \u00e8 pensato per chi desidera il massimo livello di personalizzazione, finiture di alto livello e un risultato architettonico distintivo. \u00c8 la scelta ideale per abitazioni di pregio e per chi vuole un portone che diventi parte integrante del design della casa.<br \/>\n<\/div><\/div><\/div>\n<div class=\"w-tabs-section\" id=\"a241\"><button class=\"w-tabs-section-header\" aria-controls=\"content-a241\" aria-expanded=\"false\"><div class=\"w-tabs-section-title\">Modello Italia<\/div><div class=\"w-tabs-section-control\"><\/div><\/button><div  class=\"w-tabs-section-content\" id=\"content-a241\"><div class=\"w-tabs-section-content-h i-cf\">\nIl modello Italia rappresenta invece una soluzione affidabile, funzionale ed equilibrata, perfetta per chi cerca qualit\u00e0, sicurezza e semplicit\u00e0 di scelta con un ottimo rapporto qualit\u00e0\/prezzo. La differenza non \u00e8 solo nel prodotto, ma nel tipo di esigenza. Non \u00e8 una questione di meglio o peggio, ma di quale portone \u00e8 pi\u00f9 adatto alla tua casa.<br \/>\n<\/div><\/div><\/div>\n<\/div><\/div><div class=\"w-separator size_small\"><\/div><\/div><\/div><\/div><\/div><\/section>\n","protected":false},"excerpt":{"rendered":"<p><span>Lorem ipsum dolor sit amet, consectetur adipiscing elit. Nunc mauris sem, volutpat ac sem aliquam, maximus dignissim augue. Curabitur at pretium ex, eget elementum nibh.<\/span><\/p>\n","protected":false},"featured_media":2208,"comment_status":"open","ping_status":"closed","template":"","meta":{"_acf_changed":false},"product_brand":[],"product_cat":[46,110],"product_tag":[],"class_list":["post-2408","product","type-product","status-publish","has-post-thumbnail","product_cat-porte-per-garage","product_cat-porte-sezionali-europa","first","instock","shipping-taxable","product-type-simple"],"acf":[],"yoast_head":"<!-- This site is optimized with the Yoast SEO plugin v27.8 - https:\/\/yoast.com\/product\/yoast-seo-wordpress\/ -->\n<title>Porte sezionali Europa - Demo<\/title>\n<meta name=\"robots\" content=\"noindex, follow, max-snippet:-1, max-image-preview:large, max-video-preview:-1\" \/>\n<meta property=\"og:locale\" content=\"it_IT\" \/>\n<meta property=\"og:type\" content=\"article\" \/>\n<meta property=\"og:title\" content=\"Porte sezionali Europa - Demo\" \/>\n<meta property=\"og:description\" content=\"Lorem ipsum dolor sit amet, consectetur adipiscing elit. Nunc mauris sem, volutpat ac sem aliquam, maximus dignissim augue. Curabitur at pretium ex, eget elementum nibh.\" \/>\n<meta property=\"og:url\" content=\"https:\/\/www.bergamositoweb.it\/sito-test\/prodotto\/porte-sezionali-europa\/\" \/>\n<meta property=\"og:site_name\" content=\"Demo\" \/>\n<meta property=\"article:modified_time\" content=\"2026-06-29T08:32:52+00:00\" \/>\n<meta property=\"og:image\" content=\"https:\/\/www.bergamositoweb.it\/sito-test\/wp-content\/uploads\/2026\/06\/porte-sezionali-modello-europa.jpg\" \/>\n\t<meta property=\"og:image:width\" content=\"1200\" \/>\n\t<meta property=\"og:image:height\" content=\"900\" \/>\n\t<meta property=\"og:image:type\" content=\"image\/jpeg\" \/>\n<meta name=\"twitter:card\" content=\"summary_large_image\" \/>\n<meta name=\"twitter:label1\" content=\"Tempo di lettura stimato\" \/>\n\t<meta name=\"twitter:data1\" content=\"5 minuti\" \/>\n<script type=\"application\/ld+json\" class=\"yoast-schema-graph\">{\"@context\":\"https:\\\/\\\/schema.org\",\"@graph\":[{\"@type\":\"WebPage\",\"@id\":\"https:\\\/\\\/www.bergamositoweb.it\\\/sito-test\\\/prodotto\\\/porte-sezionali-europa\\\/\",\"url\":\"https:\\\/\\\/www.bergamositoweb.it\\\/sito-test\\\/prodotto\\\/porte-sezionali-europa\\\/\",\"name\":\"Porte sezionali Europa - Demo\",\"isPartOf\":{\"@id\":\"https:\\\/\\\/www.bergamositoweb.it\\\/sito-test\\\/#website\"},\"primaryImageOfPage\":{\"@id\":\"https:\\\/\\\/www.bergamositoweb.it\\\/sito-test\\\/prodotto\\\/porte-sezionali-europa\\\/#primaryimage\"},\"image\":{\"@id\":\"https:\\\/\\\/www.bergamositoweb.it\\\/sito-test\\\/prodotto\\\/porte-sezionali-europa\\\/#primaryimage\"},\"thumbnailUrl\":\"https:\\\/\\\/www.bergamositoweb.it\\\/sito-test\\\/wp-content\\\/uploads\\\/2026\\\/06\\\/porte-sezionali-modello-europa.jpg\",\"datePublished\":\"2026-06-11T20:14:37+00:00\",\"dateModified\":\"2026-06-29T08:32:52+00:00\",\"breadcrumb\":{\"@id\":\"https:\\\/\\\/www.bergamositoweb.it\\\/sito-test\\\/prodotto\\\/porte-sezionali-europa\\\/#breadcrumb\"},\"inLanguage\":\"it-IT\",\"potentialAction\":[{\"@type\":\"ReadAction\",\"target\":[\"https:\\\/\\\/www.bergamositoweb.it\\\/sito-test\\\/prodotto\\\/porte-sezionali-europa\\\/\"]}]},{\"@type\":\"ImageObject\",\"inLanguage\":\"it-IT\",\"@id\":\"https:\\\/\\\/www.bergamositoweb.it\\\/sito-test\\\/prodotto\\\/porte-sezionali-europa\\\/#primaryimage\",\"url\":\"https:\\\/\\\/www.bergamositoweb.it\\\/sito-test\\\/wp-content\\\/uploads\\\/2026\\\/06\\\/porte-sezionali-modello-europa.jpg\",\"contentUrl\":\"https:\\\/\\\/www.bergamositoweb.it\\\/sito-test\\\/wp-content\\\/uploads\\\/2026\\\/06\\\/porte-sezionali-modello-europa.jpg\",\"width\":1200,\"height\":900},{\"@type\":\"BreadcrumbList\",\"@id\":\"https:\\\/\\\/www.bergamositoweb.it\\\/sito-test\\\/prodotto\\\/porte-sezionali-europa\\\/#breadcrumb\",\"itemListElement\":[{\"@type\":\"ListItem\",\"position\":1,\"name\":\"Home\",\"item\":\"https:\\\/\\\/www.bergamositoweb.it\\\/sito-test\\\/\"},{\"@type\":\"ListItem\",\"position\":2,\"name\":\"Tutti i prodotti\",\"item\":\"https:\\\/\\\/www.bergamositoweb.it\\\/sito-test\\\/negozio\\\/\"},{\"@type\":\"ListItem\",\"position\":3,\"name\":\"Porte sezionali Europa\"}]},{\"@type\":\"WebSite\",\"@id\":\"https:\\\/\\\/www.bergamositoweb.it\\\/sito-test\\\/#website\",\"url\":\"https:\\\/\\\/www.bergamositoweb.it\\\/sito-test\\\/\",\"name\":\"Demo\",\"description\":\"\",\"potentialAction\":[{\"@type\":\"SearchAction\",\"target\":{\"@type\":\"EntryPoint\",\"urlTemplate\":\"https:\\\/\\\/www.bergamositoweb.it\\\/sito-test\\\/?s={search_term_string}\"},\"query-input\":{\"@type\":\"PropertyValueSpecification\",\"valueRequired\":true,\"valueName\":\"search_term_string\"}}],\"inLanguage\":\"it-IT\"}]}<\/script>\n<!-- \/ Yoast SEO plugin. -->","yoast_head_json":{"title":"Porte sezionali Europa - Demo","robots":{"index":"noindex","follow":"follow","max-snippet":"max-snippet:-1","max-image-preview":"max-image-preview:large","max-video-preview":"max-video-preview:-1"},"og_locale":"it_IT","og_type":"article","og_title":"Porte sezionali Europa - Demo","og_description":"Lorem ipsum dolor sit amet, consectetur adipiscing elit. Nunc mauris sem, volutpat ac sem aliquam, maximus dignissim augue. Curabitur at pretium ex, eget elementum nibh.","og_url":"https:\/\/www.bergamositoweb.it\/sito-test\/prodotto\/porte-sezionali-europa\/","og_site_name":"Demo","article_modified_time":"2026-06-29T08:32:52+00:00","og_image":[{"width":1200,"height":900,"url":"https:\/\/www.bergamositoweb.it\/sito-test\/wp-content\/uploads\/2026\/06\/porte-sezionali-modello-europa.jpg","type":"image\/jpeg"}],"twitter_card":"summary_large_image","twitter_misc":{"Tempo di lettura stimato":"5 minuti"},"schema":{"@context":"https:\/\/schema.org","@graph":[{"@type":"WebPage","@id":"https:\/\/www.bergamositoweb.it\/sito-test\/prodotto\/porte-sezionali-europa\/","url":"https:\/\/www.bergamositoweb.it\/sito-test\/prodotto\/porte-sezionali-europa\/","name":"Porte sezionali Europa - Demo","isPartOf":{"@id":"https:\/\/www.bergamositoweb.it\/sito-test\/#website"},"primaryImageOfPage":{"@id":"https:\/\/www.bergamositoweb.it\/sito-test\/prodotto\/porte-sezionali-europa\/#primaryimage"},"image":{"@id":"https:\/\/www.bergamositoweb.it\/sito-test\/prodotto\/porte-sezionali-europa\/#primaryimage"},"thumbnailUrl":"https:\/\/www.bergamositoweb.it\/sito-test\/wp-content\/uploads\/2026\/06\/porte-sezionali-modello-europa.jpg","datePublished":"2026-06-11T20:14:37+00:00","dateModified":"2026-06-29T08:32:52+00:00","breadcrumb":{"@id":"https:\/\/www.bergamositoweb.it\/sito-test\/prodotto\/porte-sezionali-europa\/#breadcrumb"},"inLanguage":"it-IT","potentialAction":[{"@type":"ReadAction","target":["https:\/\/www.bergamositoweb.it\/sito-test\/prodotto\/porte-sezionali-europa\/"]}]},{"@type":"ImageObject","inLanguage":"it-IT","@id":"https:\/\/www.bergamositoweb.it\/sito-test\/prodotto\/porte-sezionali-europa\/#primaryimage","url":"https:\/\/www.bergamositoweb.it\/sito-test\/wp-content\/uploads\/2026\/06\/porte-sezionali-modello-europa.jpg","contentUrl":"https:\/\/www.bergamositoweb.it\/sito-test\/wp-content\/uploads\/2026\/06\/porte-sezionali-modello-europa.jpg","width":1200,"height":900},{"@type":"BreadcrumbList","@id":"https:\/\/www.bergamositoweb.it\/sito-test\/prodotto\/porte-sezionali-europa\/#breadcrumb","itemListElement":[{"@type":"ListItem","position":1,"name":"Home","item":"https:\/\/www.bergamositoweb.it\/sito-test\/"},{"@type":"ListItem","position":2,"name":"Tutti i prodotti","item":"https:\/\/www.bergamositoweb.it\/sito-test\/negozio\/"},{"@type":"ListItem","position":3,"name":"Porte sezionali Europa"}]},{"@type":"WebSite","@id":"https:\/\/www.bergamositoweb.it\/sito-test\/#website","url":"https:\/\/www.bergamositoweb.it\/sito-test\/","name":"Demo","description":"","potentialAction":[{"@type":"SearchAction","target":{"@type":"EntryPoint","urlTemplate":"https:\/\/www.bergamositoweb.it\/sito-test\/?s={search_term_string}"},"query-input":{"@type":"PropertyValueSpecification","valueRequired":true,"valueName":"search_term_string"}}],"inLanguage":"it-IT"}]}},"_links":{"self":[{"href":"https:\/\/www.bergamositoweb.it\/sito-test\/wp-json\/wp\/v2\/product\/2408","targetHints":{"allow":["GET"]}}],"collection":[{"href":"https:\/\/www.bergamositoweb.it\/sito-test\/wp-json\/wp\/v2\/product"}],"about":[{"href":"https:\/\/www.bergamositoweb.it\/sito-test\/wp-json\/wp\/v2\/types\/product"}],"replies":[{"embeddable":true,"href":"https:\/\/www.bergamositoweb.it\/sito-test\/wp-json\/wp\/v2\/comments?post=2408"}],"wp:featuredmedia":[{"embeddable":true,"href":"https:\/\/www.bergamositoweb.it\/sito-test\/wp-json\/wp\/v2\/media\/2208"}],"wp:attachment":[{"href":"https:\/\/www.bergamositoweb.it\/sito-test\/wp-json\/wp\/v2\/media?parent=2408"}],"wp:term":[{"taxonomy":"product_brand","embeddable":true,"href":"https:\/\/www.bergamositoweb.it\/sito-test\/wp-json\/wp\/v2\/product_brand?post=2408"},{"taxonomy":"product_cat","embeddable":true,"href":"https:\/\/www.bergamositoweb.it\/sito-test\/wp-json\/wp\/v2\/product_cat?post=2408"},{"taxonomy":"product_tag","embeddable":true,"href":"https:\/\/www.bergamositoweb.it\/sito-test\/wp-json\/wp\/v2\/product_tag?post=2408"}],"curies":[{"name":"wp","href":"https:\/\/api.w.org\/{rel}","templated":true}]}}